{"id":11271,"date":"2019-08-15T14:07:36","date_gmt":"2019-08-15T11:07:36","guid":{"rendered":"https:\/\/research.sharqforum.org\/?page_id=11271"},"modified":"2020-11-04T13:23:02","modified_gmt":"2020-11-04T10:23:02","slug":"degisen-bir-bolgesel-duzende-siyasal-islamin-donusumu","status":"publish","type":"page","link":"https:\/\/research.sharqforum.org\/tr\/degisen-bir-bolgesel-duzende-siyasal-islamin-donusumu\/","title":{"rendered":"De\u011fi\u015fen Bir B\u00f6lgesel D\u00fczende Siyasal \u0130slam\u2019\u0131n D\u00f6n\u00fc\u015f\u00fcm\u00fc"},"content":{"rendered":"<p><div class=\"fusion-fullwidth fullwidth-box fusion-builder-row-1 fusion-parallax-none nonhundred-percent-fullwidth non-hundred-percent-height-scrolling\" style=\"--link_hover_color: #ffffff;--link_color: #ffffff;--awb-border-radius-top-left:0px;--awb-border-radius-top-right:0px;--awb-border-radius-bottom-right:0px;--awb-border-radius-bottom-left:0px;--awb-padding-top:60px;--awb-padding-right:10px;--awb-padding-bottom:60px;--awb-padding-left:10px;--awb-background-color:rgba(0,0,0,0.3);--awb-background-image:linear-gradient(180deg, rgba(0,0,0,0.3) 0%,rgba(0,0,0,0.6) 100%),url(https:\/\/research.sharqforum.org\/wp-content\/uploads\/2020\/08\/Program-Political-Islam.jpg);;--awb-background-size:cover;\" ><div class=\"fusion-builder-row fusion-row\"><div class=\"fusion-layout-column fusion_builder_column fusion-builder-column-0 fusion_builder_column_1_1 1_1 fusion-one-full fusion-column-first fusion-column-last\" style=\"--awb-bg-size:cover;--awb-margin-bottom:50px;\"><div class=\"fusion-column-wrapper fusion-column-has-shadow fusion-flex-column-wrapper-legacy\"><div class=\"fusion-title title fusion-title-1 fusion-sep-none fusion-title-center fusion-title-text fusion-title-size-one\" style=\"--awb-text-color:#ffffff;\"><h1 class=\"title-heading-center\" style=\"margin:0;\">De\u011fi\u015fen Bir B\u00f6lgesel D\u00fczende Siyasal \u0130slam\u2019\u0131n D\u00f6n\u00fc\u015f\u00fcm\u00fc<\/h1><\/div><div class=\"fusion-clearfix\"><\/div><\/div><\/div><div class=\"fusion-layout-column fusion_builder_column fusion-builder-column-1 fusion_builder_column_1_1 1_1 fusion-one-full fusion-column-first fusion-column-last\" style=\"--awb-bg-size:cover;--awb-margin-bottom:50px;\"><div class=\"fusion-column-wrapper fusion-column-has-shadow fusion-flex-column-wrapper-legacy\"><div class=\"fusion-text fusion-text-1 whitecolor\"><p style=\"text-align: center;\">Bu \u00f6zel \u00e7al\u0131\u015fma grubu, Arap Bahar\u0131\u2019n\u0131n ard\u0131ndan siyasal \u0130slamc\u0131 hareketlerin ge\u00e7irmekte oldu\u011fu d\u00f6n\u00fc\u015f\u00fcm\u00fc incelemi\u015f ve analiz etmi\u015ftir. Toplamda 13 ara\u015ft\u0131rmac\u0131 ve ara\u015ft\u0131rma asistan\u0131ndan olu\u015fan bir ekip, 2018\u2019in \u015eubat ay\u0131ndan Aral\u0131k ay\u0131na kadar Arap Bahar\u0131 fenomeninin farkl\u0131 bir bi\u00e7imde etkiledi\u011fi \u00fclkelere (kitlesel bir seferberli\u011fin liderli\u011fi de\u011fi\u015ftirdi\u011fi Tunus ve M\u0131s\u0131r, reformcu taleplerle k\u0131s\u0131tl\u0131 g\u00f6sterilerin ger\u00e7ekle\u015fti\u011fi Fas, \u00dcrd\u00fcn ve Kuveyt ve i\u00e7 sava\u015fa d\u00f6nen Suriye ve Yemen) odakland\u0131. Bu ara\u015ft\u0131rman\u0131n arkas\u0131nda yatan fikir ise, Arap ayaklanmalar\u0131n\u0131n farkl\u0131 ba\u011flamlarda yaratm\u0131\u015f oldu\u011fu muhtelif zorluklar ve f\u0131rsatlara cevap olarak Siyasal \u0130slamc\u0131 hareketlerin nas\u0131l hareket edip, tepki g\u00f6sterdi\u011fini anlamakt\u0131r. Bir\u00e7ok saha \u00e7al\u0131\u015fmas\u0131 ve Fas, Tunus, Suriye, T\u00fcrkiye ve Londra\u2019daki \u0130slamc\u0131 liderler ve uzmanlarla ger\u00e7ekle\u015ftirilen r\u00f6portajlar\u0131n yan\u0131 s\u0131ra, bu \u00f6zel \u00e7al\u0131\u015fma grubu, 2018\u2019in \u015eubat ve Eyl\u00fcl aylar\u0131nda iki b\u00fcy\u00fck yuvarlak masa toplant\u0131s\u0131 ve May\u0131s ay\u0131nda da ekip i\u00e7in bir takip \u00e7al\u0131\u015ftay\u0131 d\u00fczenledi. B\u00f6lgenin d\u00f6rt bir taraf\u0131ndan kamuoyunca tan\u0131nan \u00e7ok say\u0131da \u0130slamc\u0131 liderle birlikte siyasal \u0130slamc\u0131 hareketleri \u00e7al\u0131\u015fmakta olan bir\u00e7ok \u00f6nde gelen akademisyen ve ara\u015ft\u0131rmac\u0131 bu toplant\u0131lara kat\u0131l\u0131m g\u00f6sterdi.<\/p>\n<\/div><div class=\"fusion-clearfix\"><\/div><\/div><\/div><\/div><\/div><div class=\"fusion-fullwidth fullwidth-box fusion-builder-row-2 nonhundred-percent-fullwidth non-hundred-percent-height-scrolling\" style=\"--awb-border-radius-top-left:0px;--awb-border-radius-top-right:0px;--awb-border-radius-bottom-right:0px;--awb-border-radius-bottom-left:0px;--awb-margin-top:50px;--awb-margin-bottom:50px;\" ><div class=\"fusion-builder-row fusion-row\"><div class=\"fusion-layout-column fusion_builder_column fusion-builder-column-2 fusion_builder_column_1_1 1_1 fusion-one-full fusion-column-first fusion-column-last\" style=\"--awb-bg-size:cover;\"><div class=\"fusion-column-wrapper fusion-column-has-shadow fusion-flex-column-wrapper-legacy\"><div class=\"fusion-text fusion-text-2\"><p style=\"text-align: center;\">Follow the latest publications and events on Al Sharq Forum social media through our hashtags: #SharqPoIslam.<\/p>\n<\/div><div class=\"fusion-clearfix\"><\/div><\/div><\/div><\/div><\/div><div class=\"fusion-fullwidth fullwidth-box fusion-builder-row-3 nonhundred-percent-fullwidth non-hundred-percent-height-scrolling fusion-equal-height-columns\" style=\"--awb-border-radius-top-left:0px;--awb-border-radius-top-right:0px;--awb-border-radius-bottom-right:0px;--awb-border-radius-bottom-left:0px;--awb-padding-right:50px;--awb-padding-left:50px;--awb-margin-top:30px;\" ><div class=\"fusion-builder-row fusion-row\"><div class=\"fusion-layout-column fusion_builder_column fusion-builder-column-3 fusion_builder_column_1_1 1_1 fusion-one-full fusion-column-first fusion-column-last\" style=\"--awb-bg-size:cover;--awb-margin-bottom:0px;\"><div class=\"fusion-column-wrapper fusion-column-has-shadow fusion-flex-column-wrapper-legacy\"><div class=\"fusion-title title fusion-title-2 fusion-sep-none fusion-title-center fusion-title-text fusion-title-size-three\"><h3 class=\"title-heading-center\" style=\"margin:0;\">Kitap De\u011ferlendirmeleri<\/h3><\/div><div class=\"fusion-sep-clear\"><\/div><div class=\"fusion-separator\" style=\"margin-left: auto;margin-right: auto;margin-top:5px;margin-bottom:30px;width:100%;max-width:100px;\"><div class=\"fusion-separator-border sep-single sep-solid\" style=\"--awb-height:20px;--awb-amount:20px;--awb-sep-color:#333333;border-color:#333333;border-top-width:2px;\"><\/div><\/div><div class=\"fusion-sep-clear\"><\/div><div class=\"fusion-aligncenter\"><a class=\"fusion-button button-flat fusion-button-default-size button-default fusion-button-default button-1 fusion-button-default-span fusion-button-default-type\" style=\"--button_text_transform:none;\" target=\"_self\" href=\"https:\/\/research.sharqforum.org\/tr\/2019\/02\/13\/degisen-bir-bolgesel-duzende-siyasal-islamin-donusumu\/\"><span class=\"fusion-button-text\">Kitab\u0131m\u0131za g\u00f6z at\u0131n<\/span><\/a><\/div><div class=\"fusion-clearfix\"><\/div><\/div><\/div><\/div><\/div><div class=\"fusion-fullwidth fullwidth-box fusion-builder-row-4 nonhundred-percent-fullwidth non-hundred-percent-height-scrolling fusion-equal-height-columns\" style=\"--awb-border-radius-top-left:0px;--awb-border-radius-top-right:0px;--awb-border-radius-bottom-right:0px;--awb-border-radius-bottom-left:0px;--awb-padding-right:50px;--awb-padding-left:50px;--awb-margin-top:30px;\" ><div class=\"fusion-builder-row fusion-row\"><div class=\"fusion-layout-column fusion_builder_column fusion-builder-column-4 fusion_builder_column_1_1 1_1 fusion-one-full fusion-column-first fusion-column-last\" style=\"--awb-bg-size:cover;\"><div class=\"fusion-column-wrapper fusion-column-has-shadow fusion-flex-column-wrapper-legacy\"><div class=\"fusion-title title fusion-title-3 fusion-sep-none fusion-title-center fusion-title-text fusion-title-size-three\"><h3 class=\"title-heading-center\" style=\"margin:0;\">Son Yay\u0131nlar<\/h3><\/div><div class=\"fusion-sep-clear\"><\/div><div class=\"fusion-separator\" style=\"margin-left: auto;margin-right: auto;margin-top:5px;margin-bottom:30px;width:100%;max-width:100px;\"><div class=\"fusion-separator-border sep-single sep-solid\" style=\"--awb-height:20px;--awb-amount:20px;--awb-sep-color:#333333;border-color:#333333;border-top-width:2px;\"><\/div><\/div><div class=\"fusion-sep-clear\"><\/div><style>.owl-item .post{margin-bottom: 0;}.owl-stage{display:flex;}.owl-item{height:auto;display:flex!important;flex:1 0 auto!important; width:100%; float:left;}.owl-carousel .owl-nav button.owl-next,.owl-carousel .owl-nav button.owl-prev,.owl-carousel button.owl-dot{top: 30%;background:0 0;color:inherit;border:none;padding:0!important;font:inherit}.owl-nav .owl-next,.owl-nav .owl-prev{height:100%;display:flex}.owl-nav .owl-next .carousel-nav,.owl-nav .owl-prev .carousel-nav{font-size:2rem;color:#333!important}a:active,a:focus,button:active,button:focus{outline:0;border:none;-moz-outline-style:none}.owl-next{background:rgba(0,0,0,0) none repeat scroll 0 0!important;position:absolute;right:-40px}.owl-prev{background:rgba(0,0,0,0) none repeat scroll 0 0!important;left:-40px;position:absolute}<\/style><div class=\"owl-carousel asf-owl-carousel\" data-cols=\"4\" ><article class=\"post fusion-column column col col-lg-3 col-md-3 col-sm-3\" style=\"width:100%;\"><div class=\"fusion-flexslider flexslider flexslider-hover-type-liftup\" style=\"width:100%;\"><ul class=\"slides\" style=\"width:100%;\"><li class=\"flex-active-slide\" style=\"width: 100%; float: left; margin-right: -100%; position: relative; opacity: 1; display: block; z-index: 2;\"><a href=\"https:\/\/research.sharqforum.org\/tr\/2019\/10\/16\/cephelesmeden-bolunmeye-misirda-musluman-kardesler-2013-2016\/\" aria-label=\"Cephele\u015fmeden B\u00f6l\u00fcnmeye: M\u0131s\u0131r\u2019da M\u00fcsl\u00fcman Karde\u015fler, 2013-2016\" class=\"hover-type-liftup\" style=\"width:100%;\"><span style=\"display:block;width: 100%; height: 300px; background-image: url('https:\/\/research.sharqforum.org\/wp-content\/uploads\/2019\/10\/misirbrother21s.jpg');background-size:cover;\" \/><\/a><\/li><\/ul><ol class=\"flex-control-nav flex-control-paging\"><\/ol><ul class=\"flex-direction-nav\"><li class=\"flex-nav-prev\"><a class=\"flex-prev flex-disabled\" href=\"#\" tabindex=\"-1\">< <\/a><\/li><li class=\"flex-nav-next\"><a class=\"flex-next flex-disabled\" href=\"#\" tabindex=\"-1\"> ><\/a><\/li><\/ul><\/div><div class=\"recent-posts-content\"><div class=\"fusion-title title fusion-title-4 fusion-sep-none fusion-title-text fusion-title-size-two headerlink\" style=\"--awb-text-color:#902135;--awb-font-size:24px;\"><h2 class=\"title-heading-left\" style=\"margin:0;font-size:1em;\"><a class=\"titlelink\" href=\"https:\/\/research.sharqforum.org\/tr\/2019\/10\/16\/cephelesmeden-bolunmeye-misirda-musluman-kardesler-2013-2016\/\">Cephele\u015fmeden B\u00f6l\u00fcnmeye: M\u0131s\u0131r\u2019da M\u00fcsl\u00fcman Karde\u015fler, 2013-2016<\/a><\/h2><\/div><\/div><\/article><article class=\"post fusion-column column col col-lg-3 col-md-3 col-sm-3\" style=\"width:100%;\"><div class=\"fusion-flexslider flexslider flexslider-hover-type-liftup\" style=\"width:100%;\"><ul class=\"slides\" style=\"width:100%;\"><li class=\"flex-active-slide\" style=\"width: 100%; float: left; margin-right: -100%; position: relative; opacity: 1; display: block; z-index: 2;\"><a href=\"https:\/\/research.sharqforum.org\/tr\/2019\/09\/10\/iki-ustadin-uzlasmasi-sonrasi-nahda-hareketinin-secenekleri\/\" aria-label=\"\u0130ki \u00dcstad\u0131n Uzla\u015fmas\u0131 Sonras\u0131 Nahda Hareketinin Se\u00e7enekleri\" class=\"hover-type-liftup\" style=\"width:100%;\"><span style=\"display:block;width: 100%; height: 300px; background-image: url('https:\/\/research.sharqforum.org\/wp-content\/uploads\/2019\/09\/tunisiapiece.jpg');background-size:cover;\" \/><\/a><\/li><\/ul><ol class=\"flex-control-nav flex-control-paging\"><\/ol><ul class=\"flex-direction-nav\"><li class=\"flex-nav-prev\"><a class=\"flex-prev flex-disabled\" href=\"#\" tabindex=\"-1\">< <\/a><\/li><li class=\"flex-nav-next\"><a class=\"flex-next flex-disabled\" href=\"#\" tabindex=\"-1\"> ><\/a><\/li><\/ul><\/div><div class=\"recent-posts-content\"><div class=\"fusion-title title fusion-title-5 fusion-sep-none fusion-title-text fusion-title-size-two headerlink\" style=\"--awb-text-color:#902135;--awb-font-size:24px;\"><h2 class=\"title-heading-left\" style=\"margin:0;font-size:1em;\"><a class=\"titlelink\" href=\"https:\/\/research.sharqforum.org\/tr\/2019\/09\/10\/iki-ustadin-uzlasmasi-sonrasi-nahda-hareketinin-secenekleri\/\">\u0130ki \u00dcstad\u0131n Uzla\u015fmas\u0131 Sonras\u0131 Nahda Hareketinin Se\u00e7enekleri<\/a><\/h2><\/div><\/div><\/article><article class=\"post fusion-column column col col-lg-3 col-md-3 col-sm-3\" style=\"width:100%;\"><div class=\"fusion-flexslider flexslider flexslider-hover-type-liftup\" style=\"width:100%;\"><ul class=\"slides\" style=\"width:100%;\"><li class=\"flex-active-slide\" style=\"width: 100%; float: left; margin-right: -100%; position: relative; opacity: 1; display: block; z-index: 2;\"><a href=\"https:\/\/research.sharqforum.org\/tr\/2019\/07\/19\/duyuru-ikinci-dalga-arap-isyanlarinda-siyasal-islam\/\" aria-label=\"Duyuru: \u0130kinci Dalga Arap \u0130syanlar\u0131nda Siyasal \u0130slam\" class=\"hover-type-liftup\" style=\"width:100%;\"><span style=\"display:block;width: 100%; height: 300px; background-image: url('https:\/\/research.sharqforum.org\/wp-content\/uploads\/2019\/07\/Sudan-and-algiera.png');background-size:cover;\" \/><\/a><\/li><\/ul><ol class=\"flex-control-nav flex-control-paging\"><\/ol><ul class=\"flex-direction-nav\"><li class=\"flex-nav-prev\"><a class=\"flex-prev flex-disabled\" href=\"#\" tabindex=\"-1\">< <\/a><\/li><li class=\"flex-nav-next\"><a class=\"flex-next flex-disabled\" href=\"#\" tabindex=\"-1\"> ><\/a><\/li><\/ul><\/div><div class=\"recent-posts-content\"><div class=\"fusion-title title fusion-title-6 fusion-sep-none fusion-title-text fusion-title-size-two headerlink\" style=\"--awb-text-color:#902135;--awb-font-size:24px;\"><h2 class=\"title-heading-left\" style=\"margin:0;font-size:1em;\"><a class=\"titlelink\" href=\"https:\/\/research.sharqforum.org\/tr\/2019\/07\/19\/duyuru-ikinci-dalga-arap-isyanlarinda-siyasal-islam\/\">Duyuru: \u0130kinci Dalga Arap \u0130syanlar\u0131nda Siyasal \u0130slam<\/a><\/h2><\/div><\/div><\/article><article class=\"post fusion-column column col col-lg-3 col-md-3 col-sm-3\" style=\"width:100%;\"><div class=\"fusion-flexslider flexslider flexslider-hover-type-liftup\" style=\"width:100%;\"><ul class=\"slides\" style=\"width:100%;\"><li class=\"flex-active-slide\" style=\"width: 100%; float: left; margin-right: -100%; position: relative; opacity: 1; display: block; z-index: 2;\"><a href=\"https:\/\/research.sharqforum.org\/tr\/2019\/06\/26\/endonezyada-islamci-milliyetciligin-ortaya-cikisi\/\" aria-label=\"Endonezya\u2019da \u0130slamc\u0131 Milliyet\u00e7ili\u011fin Ortaya \u00c7\u0131k\u0131\u015f\u0131\" class=\"hover-type-liftup\" style=\"width:100%;\"><span style=\"display:block;width: 100%; height: 300px; background-image: url('https:\/\/research.sharqforum.org\/wp-content\/uploads\/2019\/06\/The-Emergence-of-Islamist.jpg');background-size:cover;\" \/><\/a><\/li><\/ul><ol class=\"flex-control-nav flex-control-paging\"><\/ol><ul class=\"flex-direction-nav\"><li class=\"flex-nav-prev\"><a class=\"flex-prev flex-disabled\" href=\"#\" tabindex=\"-1\">< <\/a><\/li><li class=\"flex-nav-next\"><a class=\"flex-next flex-disabled\" href=\"#\" tabindex=\"-1\"> ><\/a><\/li><\/ul><\/div><div class=\"recent-posts-content\"><div class=\"fusion-title title fusion-title-7 fusion-sep-none fusion-title-text fusion-title-size-two headerlink\" style=\"--awb-text-color:#902135;--awb-font-size:24px;\"><h2 class=\"title-heading-left\" style=\"margin:0;font-size:1em;\"><a class=\"titlelink\" href=\"https:\/\/research.sharqforum.org\/tr\/2019\/06\/26\/endonezyada-islamci-milliyetciligin-ortaya-cikisi\/\">Endonezya\u2019da \u0130slamc\u0131 Milliyet\u00e7ili\u011fin Ortaya \u00c7\u0131k\u0131\u015f\u0131<\/a><\/h2><\/div><\/div><\/article><article class=\"post fusion-column column col col-lg-3 col-md-3 col-sm-3\" style=\"width:100%;\"><div class=\"fusion-flexslider flexslider flexslider-hover-type-liftup\" style=\"width:100%;\"><ul class=\"slides\" style=\"width:100%;\"><li class=\"flex-active-slide\" style=\"width: 100%; float: left; margin-right: -100%; position: relative; opacity: 1; display: block; z-index: 2;\"><a href=\"https:\/\/research.sharqforum.org\/tr\/2019\/04\/30\/sudanda-gecis-sureci-ve-islami-hareketin-gelecegi\/\" aria-label=\"Sudan\u2019da Ge\u00e7i\u015f S\u00fcreci ve \u0130slami Hareketin Gelece\u011fi\" class=\"hover-type-liftup\" style=\"width:100%;\"><span style=\"display:block;width: 100%; height: 300px; background-image: url('https:\/\/research.sharqforum.org\/wp-content\/uploads\/2019\/04\/sudanx.jpg');background-size:cover;\" \/><\/a><\/li><\/ul><ol class=\"flex-control-nav flex-control-paging\"><\/ol><ul class=\"flex-direction-nav\"><li class=\"flex-nav-prev\"><a class=\"flex-prev flex-disabled\" href=\"#\" tabindex=\"-1\">< <\/a><\/li><li class=\"flex-nav-next\"><a class=\"flex-next flex-disabled\" href=\"#\" tabindex=\"-1\"> ><\/a><\/li><\/ul><\/div><div class=\"recent-posts-content\"><div class=\"fusion-title title fusion-title-8 fusion-sep-none fusion-title-text fusion-title-size-two headerlink\" style=\"--awb-text-color:#902135;--awb-font-size:24px;\"><h2 class=\"title-heading-left\" style=\"margin:0;font-size:1em;\"><a class=\"titlelink\" href=\"https:\/\/research.sharqforum.org\/tr\/2019\/04\/30\/sudanda-gecis-sureci-ve-islami-hareketin-gelecegi\/\">Sudan\u2019da Ge\u00e7i\u015f S\u00fcreci ve \u0130slami Hareketin Gelece\u011fi<\/a><\/h2><\/div><\/div><\/article><article class=\"post fusion-column column col col-lg-3 col-md-3 col-sm-3\" style=\"width:100%;\"><div class=\"fusion-flexslider flexslider flexslider-hover-type-liftup\" style=\"width:100%;\"><ul class=\"slides\" style=\"width:100%;\"><li class=\"flex-active-slide\" style=\"width: 100%; float: left; margin-right: -100%; position: relative; opacity: 1; display: block; z-index: 2;\"><a href=\"https:\/\/research.sharqforum.org\/tr\/2019\/02\/13\/degisen-bir-bolgesel-duzende-siyasal-islamin-donusumu\/\" aria-label=\"De\u011fi\u015fen Bir B\u00f6lgesel D\u00fczende Siyasal \u0130slam\u2019\u0131n D\u00f6n\u00fc\u015f\u00fcm\u00fc\" class=\"hover-type-liftup\" style=\"width:100%;\"><span style=\"display:block;width: 100%; height: 300px; background-image: url('https:\/\/research.sharqforum.org\/wp-content\/uploads\/2019\/02\/PIB2019.jpg');background-size:cover;\" \/><\/a><\/li><\/ul><ol class=\"flex-control-nav flex-control-paging\"><\/ol><ul class=\"flex-direction-nav\"><li class=\"flex-nav-prev\"><a class=\"flex-prev flex-disabled\" href=\"#\" tabindex=\"-1\">< <\/a><\/li><li class=\"flex-nav-next\"><a class=\"flex-next flex-disabled\" href=\"#\" tabindex=\"-1\"> ><\/a><\/li><\/ul><\/div><div class=\"recent-posts-content\"><div class=\"fusion-title title fusion-title-9 fusion-sep-none fusion-title-text fusion-title-size-two headerlink\" style=\"--awb-text-color:#902135;--awb-font-size:24px;\"><h2 class=\"title-heading-left\" style=\"margin:0;font-size:1em;\"><a class=\"titlelink\" href=\"https:\/\/research.sharqforum.org\/tr\/2019\/02\/13\/degisen-bir-bolgesel-duzende-siyasal-islamin-donusumu\/\">De\u011fi\u015fen Bir B\u00f6lgesel D\u00fczende Siyasal \u0130slam\u2019\u0131n D\u00f6n\u00fc\u015f\u00fcm\u00fc<\/a><\/h2><\/div><\/div><\/article><article class=\"post fusion-column column col col-lg-3 col-md-3 col-sm-3\" style=\"width:100%;\"><div class=\"fusion-flexslider flexslider flexslider-hover-type-liftup\" style=\"width:100%;\"><ul class=\"slides\" style=\"width:100%;\"><li class=\"flex-active-slide\" style=\"width: 100%; float: left; margin-right: -100%; position: relative; opacity: 1; display: block; z-index: 2;\"><a href=\"https:\/\/research.sharqforum.org\/tr\/2019\/01\/04\/mursi-etkisi-diye-bir-sey-var-mi-siyasal-islamcilarin-2013-sonrasi-secim-performanslarina-genel-bir-bakis\/\" aria-label=\"Mursi Etkisi diye bir \u015fey var m\u0131?  Siyasal \u0130slamc\u0131lar\u0131n 2013 Sonras\u0131 Se\u00e7im Performanslar\u0131na Genel Bir Bak\u0131\u015f\" class=\"hover-type-liftup\" style=\"width:100%;\"><span style=\"display:block;width: 100%; height: 300px; background-image: url('https:\/\/research.sharqforum.org\/wp-content\/uploads\/2019\/01\/32wx.jpg');background-size:cover;\" \/><\/a><\/li><\/ul><ol class=\"flex-control-nav flex-control-paging\"><\/ol><ul class=\"flex-direction-nav\"><li class=\"flex-nav-prev\"><a class=\"flex-prev flex-disabled\" href=\"#\" tabindex=\"-1\">< <\/a><\/li><li class=\"flex-nav-next\"><a class=\"flex-next flex-disabled\" href=\"#\" tabindex=\"-1\"> ><\/a><\/li><\/ul><\/div><div class=\"recent-posts-content\"><div class=\"fusion-title title fusion-title-10 fusion-sep-none fusion-title-text fusion-title-size-two headerlink\" style=\"--awb-text-color:#902135;--awb-font-size:24px;\"><h2 class=\"title-heading-left\" style=\"margin:0;font-size:1em;\"><a class=\"titlelink\" href=\"https:\/\/research.sharqforum.org\/tr\/2019\/01\/04\/mursi-etkisi-diye-bir-sey-var-mi-siyasal-islamcilarin-2013-sonrasi-secim-performanslarina-genel-bir-bakis\/\">Mursi Etkisi diye bir \u015fey var m\u0131?  Siyasal \u0130slamc\u0131lar\u0131n 2013 Sonras\u0131 Se\u00e7im Performanslar\u0131na Genel Bir Bak\u0131\u015f<\/a><\/h2><\/div><\/div><\/article><article class=\"post fusion-column column col col-lg-3 col-md-3 col-sm-3\" style=\"width:100%;\"><div class=\"fusion-flexslider flexslider flexslider-hover-type-liftup\" style=\"width:100%;\"><ul class=\"slides\" style=\"width:100%;\"><li class=\"flex-active-slide\" style=\"width: 100%; float: left; margin-right: -100%; position: relative; opacity: 1; display: block; z-index: 2;\"><a href=\"https:\/\/research.sharqforum.org\/tr\/2018\/11\/05\/malezyalilar-islamcilara-mi-oy-verdi-2018-genel-secimlerinde-pas-ve-amanah-partileri-hakkinda-degerlendirmeler\/\" aria-label=\"Malezyal\u0131lar \u0130slamc\u0131lara m\u0131 Oy verdi? 2018 Genel Se\u00e7imlerinde PAS ve AMANAH Partileri Hakk\u0131nda De\u011ferlendirmeler\" class=\"hover-type-liftup\" style=\"width:100%;\"><span style=\"display:block;width: 100%; height: 300px; background-image: url('https:\/\/research.sharqforum.org\/wp-content\/uploads\/2018\/11\/malymahanw.jpg');background-size:cover;\" \/><\/a><\/li><\/ul><ol class=\"flex-control-nav flex-control-paging\"><\/ol><ul class=\"flex-direction-nav\"><li class=\"flex-nav-prev\"><a class=\"flex-prev flex-disabled\" href=\"#\" tabindex=\"-1\">< <\/a><\/li><li class=\"flex-nav-next\"><a class=\"flex-next flex-disabled\" href=\"#\" tabindex=\"-1\"> ><\/a><\/li><\/ul><\/div><div class=\"recent-posts-content\"><div class=\"fusion-title title fusion-title-11 fusion-sep-none fusion-title-text fusion-title-size-two headerlink\" style=\"--awb-text-color:#902135;--awb-font-size:24px;\"><h2 class=\"title-heading-left\" style=\"margin:0;font-size:1em;\"><a class=\"titlelink\" href=\"https:\/\/research.sharqforum.org\/tr\/2018\/11\/05\/malezyalilar-islamcilara-mi-oy-verdi-2018-genel-secimlerinde-pas-ve-amanah-partileri-hakkinda-degerlendirmeler\/\">Malezyal\u0131lar \u0130slamc\u0131lara m\u0131 Oy verdi? 2018 Genel Se\u00e7imlerinde PAS ve AMANAH Partileri Hakk\u0131nda De\u011ferlendirmeler<\/a><\/h2><\/div><\/div><\/article><article class=\"post fusion-column column col col-lg-3 col-md-3 col-sm-3\" style=\"width:100%;\"><div class=\"fusion-flexslider flexslider flexslider-hover-type-liftup\" style=\"width:100%;\"><ul class=\"slides\" style=\"width:100%;\"><li class=\"flex-active-slide\" style=\"width: 100%; float: left; margin-right: -100%; position: relative; opacity: 1; display: block; z-index: 2;\"><a href=\"https:\/\/research.sharqforum.org\/tr\/2018\/10\/22\/abdnin-musluman-kardeslere-donuk-olasi-bir-yasaginin-bolgesel-etkileri\/\" aria-label=\"ABD\u2019nin M\u00fcsl\u00fcman Karde\u015flere D\u00f6n\u00fck Olas\u0131 Bir Yasa\u011f\u0131n\u0131n B\u00f6lgesel Etkileri\" class=\"hover-type-liftup\" style=\"width:100%;\"><span style=\"display:block;width: 100%; height: 300px; background-image: url('https:\/\/research.sharqforum.org\/wp-content\/uploads\/2018\/09\/brotherhood.jpg');background-size:cover;\" \/><\/a><\/li><\/ul><ol class=\"flex-control-nav flex-control-paging\"><\/ol><ul class=\"flex-direction-nav\"><li class=\"flex-nav-prev\"><a class=\"flex-prev flex-disabled\" href=\"#\" tabindex=\"-1\">< <\/a><\/li><li class=\"flex-nav-next\"><a class=\"flex-next flex-disabled\" href=\"#\" tabindex=\"-1\"> ><\/a><\/li><\/ul><\/div><div class=\"recent-posts-content\"><div class=\"fusion-title title fusion-title-12 fusion-sep-none fusion-title-text fusion-title-size-two headerlink\" style=\"--awb-text-color:#902135;--awb-font-size:24px;\"><h2 class=\"title-heading-left\" style=\"margin:0;font-size:1em;\"><a class=\"titlelink\" href=\"https:\/\/research.sharqforum.org\/tr\/2018\/10\/22\/abdnin-musluman-kardeslere-donuk-olasi-bir-yasaginin-bolgesel-etkileri\/\">ABD\u2019nin M\u00fcsl\u00fcman Karde\u015flere D\u00f6n\u00fck Olas\u0131 Bir Yasa\u011f\u0131n\u0131n B\u00f6lgesel Etkileri<\/a><\/h2><\/div><\/div><\/article><article class=\"post fusion-column column col col-lg-3 col-md-3 col-sm-3\" style=\"width:100%;\"><div class=\"fusion-flexslider flexslider flexslider-hover-type-liftup\" style=\"width:100%;\"><ul class=\"slides\" style=\"width:100%;\"><li class=\"flex-active-slide\" style=\"width: 100%; float: left; margin-right: -100%; position: relative; opacity: 1; display: block; z-index: 2;\"><a href=\"https:\/\/research.sharqforum.org\/tr\/2018\/09\/22\/arap-bahari-sonrasi-donemde-sark-bolgesindeki-siyasi-egilimler\/\" aria-label=\"Arap Bahar\u0131 Sonras\u0131 D\u00f6nemde \u015eark B\u00f6lgesindeki Siyasi E\u011filimler\" class=\"hover-type-liftup\" style=\"width:100%;\"><span style=\"display:block;width: 100%; height: 300px; background-image: url('https:\/\/research.sharqforum.org\/wp-content\/uploads\/2018\/11\/polisc.jpg');background-size:cover;\" \/><\/a><\/li><\/ul><ol class=\"flex-control-nav flex-control-paging\"><\/ol><ul class=\"flex-direction-nav\"><li class=\"flex-nav-prev\"><a class=\"flex-prev flex-disabled\" href=\"#\" tabindex=\"-1\">< <\/a><\/li><li class=\"flex-nav-next\"><a class=\"flex-next flex-disabled\" href=\"#\" tabindex=\"-1\"> ><\/a><\/li><\/ul><\/div><div class=\"recent-posts-content\"><div class=\"fusion-title title fusion-title-13 fusion-sep-none fusion-title-text fusion-title-size-two headerlink\" style=\"--awb-text-color:#902135;--awb-font-size:24px;\"><h2 class=\"title-heading-left\" style=\"margin:0;font-size:1em;\"><a class=\"titlelink\" href=\"https:\/\/research.sharqforum.org\/tr\/2018\/09\/22\/arap-bahari-sonrasi-donemde-sark-bolgesindeki-siyasi-egilimler\/\">Arap Bahar\u0131 Sonras\u0131 D\u00f6nemde \u015eark B\u00f6lgesindeki Siyasi E\u011filimler<\/a><\/h2><\/div><\/div><\/article><article class=\"post fusion-column column col col-lg-3 col-md-3 col-sm-3\" style=\"width:100%;\"><div class=\"fusion-flexslider flexslider flexslider-hover-type-liftup\" style=\"width:100%;\"><ul class=\"slides\" style=\"width:100%;\"><li class=\"flex-active-slide\" style=\"width: 100%; float: left; margin-right: -100%; position: relative; opacity: 1; display: block; z-index: 2;\"><a href=\"https:\/\/research.sharqforum.org\/tr\/2018\/09\/07\/iran-ve-misir-musluman-kardesleri-iliskiler-gelisecek-mi-yoksa-basit-bir-onarimdan-mi-gececek\/\" aria-label=\"\u0130ran ve M\u0131s\u0131r M\u00fcsl\u00fcman Karde\u015fleri: \u0130li\u015fkiler Geli\u015fecek mi Yoksa Basit Bir Onar\u0131mdan m\u0131 Ge\u00e7ecek?\" class=\"hover-type-liftup\" style=\"width:100%;\"><span style=\"display:block;width: 100%; height: 300px; background-image: url('https:\/\/research.sharqforum.org\/wp-content\/uploads\/2018\/09\/Iran-and-the-Egyptian-Muslim-.jpg');background-size:cover;\" \/><\/a><\/li><\/ul><ol class=\"flex-control-nav flex-control-paging\"><\/ol><ul class=\"flex-direction-nav\"><li class=\"flex-nav-prev\"><a class=\"flex-prev flex-disabled\" href=\"#\" tabindex=\"-1\">< <\/a><\/li><li class=\"flex-nav-next\"><a class=\"flex-next flex-disabled\" href=\"#\" tabindex=\"-1\"> ><\/a><\/li><\/ul><\/div><div class=\"recent-posts-content\"><div class=\"fusion-title title fusion-title-14 fusion-sep-none fusion-title-text fusion-title-size-two headerlink\" style=\"--awb-text-color:#902135;--awb-font-size:24px;\"><h2 class=\"title-heading-left\" style=\"margin:0;font-size:1em;\"><a class=\"titlelink\" href=\"https:\/\/research.sharqforum.org\/tr\/2018\/09\/07\/iran-ve-misir-musluman-kardesleri-iliskiler-gelisecek-mi-yoksa-basit-bir-onarimdan-mi-gececek\/\">\u0130ran ve M\u0131s\u0131r M\u00fcsl\u00fcman Karde\u015fleri: \u0130li\u015fkiler Geli\u015fecek mi Yoksa Basit Bir Onar\u0131mdan m\u0131 Ge\u00e7ecek?<\/a><\/h2><\/div><\/div><\/article><\/div><div class=\"fusion-clearfix\"><\/div><\/div><\/div><\/div><\/div><\/p>\n","protected":false},"excerpt":{"rendered":"","protected":false},"author":3,"featured_media":0,"parent":0,"menu_order":0,"comment_status":"closed","ping_status":"closed","template":"100-width.php","meta":{"_mo_disable_npp":"","ngg_post_thumbnail":0},"acf":[],"_links":{"self":[{"href":"https:\/\/research.sharqforum.org\/tr\/wp-json\/wp\/v2\/pages\/11271"}],"collection":[{"href":"https:\/\/research.sharqforum.org\/tr\/wp-json\/wp\/v2\/pages"}],"about":[{"href":"https:\/\/research.sharqforum.org\/tr\/wp-json\/wp\/v2\/types\/page"}],"author":[{"embeddable":true,"href":"https:\/\/research.sharqforum.org\/tr\/wp-json\/wp\/v2\/users\/3"}],"replies":[{"embeddable":true,"href":"https:\/\/research.sharqforum.org\/tr\/wp-json\/wp\/v2\/comments?post=11271"}],"version-history":[{"count":11,"href":"https:\/\/research.sharqforum.org\/tr\/wp-json\/wp\/v2\/pages\/11271\/revisions"}],"predecessor-version":[{"id":26264,"href":"https:\/\/research.sharqforum.org\/tr\/wp-json\/wp\/v2\/pages\/11271\/revisions\/26264"}],"wp:attachment":[{"href":"https:\/\/research.sharqforum.org\/tr\/wp-json\/wp\/v2\/media?parent=11271"}],"curies":[{"name":"wp","href":"https:\/\/api.w.org\/{rel}","templated":true}]}}